


{"id":416245,"date":"2024-07-16T08:20:12","date_gmt":"2024-07-16T08:20:12","guid":{"rendered":"https:\/\/ww2.geotiles.com\/avis-juridique\/"},"modified":"2024-07-19T12:03:08","modified_gmt":"2024-07-19T12:03:08","slug":"avis-juridique","status":"publish","type":"page","link":"https:\/\/www.geotiles.com\/fr\/avis-juridique\/","title":{"rendered":"Avis juridique"},"content":{"rendered":"<p>[et_pb_section fb_built=\u00a0\u00bb1&Prime; admin_label=\u00a0\u00bbsection\u00a0\u00bb _builder_version=\u00a0\u00bb4.21.0&Prime; custom_margin=\u00a0\u00bb100px||||false|false\u00a0\u00bb custom_padding=\u00a0\u00bb||||false|false\u00a0\u00bb global_colors_info=\u00a0\u00bb{}\u00a0\u00bb][et_pb_row admin_label=\u00a0\u00bbrow\u00a0\u00bb _builder_version=\u00a0\u00bb4.16&Prime; background_size=\u00a0\u00bbinitial\u00a0\u00bb background_position=\u00a0\u00bbtop_left\u00a0\u00bb background_repeat=\u00a0\u00bbrepeat\u00a0\u00bb global_colors_info=\u00a0\u00bb{}\u00a0\u00bb][et_pb_column type=\u00a0\u00bb4_4&Prime; _builder_version=\u00a0\u00bb4.16&Prime; custom_padding=\u00a0\u00bb|||\u00a0\u00bb global_colors_info=\u00a0\u00bb{}\u00a0\u00bb custom_padding__hover=\u00a0\u00bb|||\u00a0\u00bb][et_pb_text _builder_version=\u00a0\u00bb4.26.1&Prime; _dynamic_attributes=\u00a0\u00bbcontent\u00a0\u00bb _module_preset=\u00a0\u00bbdefault\u00a0\u00bb header_font=\u00a0\u00bbPlayfair Display||||||||\u00a0\u00bb header_font_size=\u00a0\u00bb60px\u00a0\u00bb header_2_font=\u00a0\u00bbPlayfair Display||||||||\u00a0\u00bb header_2_font_size=\u00a0\u00bb60px\u00a0\u00bb header_2_line_height=\u00a0\u00bb1.2em\u00a0\u00bb custom_margin=\u00a0\u00bb-9px||29px||false|false\u00a0\u00bb custom_padding=\u00a0\u00bb0px||||false|false\u00a0\u00bb header_font_size_tablet=\u00a0\u00bb60px\u00a0\u00bb header_font_size_phone=\u00a0\u00bb60px\u00a0\u00bb header_font_size_last_edited=\u00a0\u00bbon|desktop\u00a0\u00bb header_2_font_size_tablet=\u00a0\u00bb55px\u00a0\u00bb header_2_font_size_phone=\u00a0\u00bb48px\u00a0\u00bb header_2_font_size_last_edited=\u00a0\u00bbon|phone\u00a0\u00bb global_colors_info=\u00a0\u00bb{}\u00a0\u00bb]@ET-DC@eyJkeW5hbWljIjp0cnVlLCJjb250ZW50IjoicG9zdF90aXRsZSIsInNldHRpbmdzIjp7ImJlZm9yZSI6IjxoMT4iLCJhZnRlciI6IjwvaDE+IiwiZW5hYmxlX2h0bWwiOiJvZmYifX0=@[\/et_pb_text][et_pb_text _builder_version=\u00a0\u00bb4.26.1&Prime; _module_preset=\u00a0\u00bbdefault\u00a0\u00bb link_text_color=\u00a0\u00bb#1F3EAC\u00a0\u00bb custom_margin=\u00a0\u00bb||19px|||\u00a0\u00bb hover_enabled=\u00a0\u00bb0&Prime; locked=\u00a0\u00bboff\u00a0\u00bb global_colors_info=\u00a0\u00bb{}\u00a0\u00bb sticky_enabled=\u00a0\u00bb0&Prime;]<\/p>\n<p>GEOTILES, S.L.U. a son si\u00e8ge social \u00e0 Carretera Vila-real &#8211; Onda, Km. 6 &#8211; P.O. Box 116 12540 Vila-real (Castell\u00f3n) SPAIN. Pour de plus amples informations, vous pouvez nous contacter par t\u00e9l\u00e9phone au num\u00e9ro 964 522 700, ou par l&rsquo;interm\u00e9diaire de l&rsquo;adresse \u00e9lectronique suivante <a href=\"mailto:info@geotiles.com\">info@geotiles.com<\/a> <\/p>\n<p>GEOTILES, S.L.U. est inscrite au Registre du Commerce de Castell\u00f3n de la Plana, Tome 829, Livre 396, Section 8, Folio 143, Page CS 10860 1\/A (17 &#8211; 04 &#8211; 1996). Entreprise 16909 &#8211; C.I.F. B 12424784 &#8211; V.A.T. ESB &#8211; 12428784   <\/p>\n<p><strong>Conditions d&rsquo;utilisation<\/strong><\/p>\n<p><strong>Utilisateurs.<\/strong><\/p>\n<p>Voici les r\u00e8gles qui r\u00e9gissent l&rsquo;utilisation du site web <a href=\"http:\/\/www.geotiles.com\/\">www.geotiles.com<\/a> que Geotiles Cer\u00e1mica met \u00e0 la disposition de ses utilisateurs.<\/p>\n<p><strong>Objet<\/strong><\/p>\n<p>Le site web de Geotiles a \u00e9t\u00e9 con\u00e7u pour informer les utilisateurs en g\u00e9n\u00e9ral sur l&rsquo;entreprise, ses activit\u00e9s et ses services. Par utilisateur, on entend toute personne qui acc\u00e8de \u00e0 notre site web ou qui y navigue. <\/p>\n<p><strong>Acc\u00e8s<\/strong><\/p>\n<p>D&rsquo;une mani\u00e8re g\u00e9n\u00e9rale, les utilisateurs peuvent acc\u00e9der librement et gratuitement \u00e0 <a href=\"http:\/\/www.pamesa.com\/\">www.pamesa.com<\/a>. Geotiles Cer\u00e1mica peut modifier unilat\u00e9ralement et sans pr\u00e9avis la fourniture, la configuration et le contenu de la page, ainsi que les conditions d&rsquo;utilisation de celle-ci et d&rsquo;acc\u00e8s aux services fournis.<\/p>\n<p><strong>Copyright<\/strong><\/p>\n<p>Les droits de propri\u00e9t\u00e9 intellectuelle de ce site Web sont d\u00e9tenus par Geotiles Cer\u00e1mica. Par cons\u00e9quent, nous pouvons modifier son contenu (conception graphique, textes et codes) \u00e0 tout moment et sans pr\u00e9avis. La prestation de services et la publication des contenus du site Web n&rsquo;impliquent \u00e0 aucun moment la renonciation ou la cession, totale ou partielle, des droits de propri\u00e9t\u00e9 intellectuelle et industrielle.  <\/p>\n<p>Par cons\u00e9quent, toute reproduction, distribution, commercialisation ou transformation des contenus du site Web qui n&rsquo;a pas \u00e9t\u00e9 express\u00e9ment autoris\u00e9e par ses propri\u00e9taires constitue une infraction aux droits de propri\u00e9t\u00e9 intellectuelle et industrielle prot\u00e9g\u00e9s par les articles 270 et suivants du code p\u00e9nal.<\/p>\n<p><strong>Droit applicable et juridiction<\/strong><\/p>\n<p>Pour toute question litigieuse ou concernant <u><a href=\"http:\/\/www.geotiles.com\/\">www.geotiles.com,<\/a><\/u> la l\u00e9gislation espagnole s&rsquo;appliquera et les cours et tribunaux de Castell\u00f3n de la Plana (Espagne) seront comp\u00e9tents pour la r\u00e9solution de tous les litiges d\u00e9coulant de ou li\u00e9s \u00e0 l&rsquo;utilisation de ce site web. Les pr\u00e9sentes conditions d&rsquo;utilisation sont r\u00e9gies par les dispositions de la l\u00e9gislation espagnole. En cas de divergence ou de litige d\u00e9coulant de l&rsquo;interpr\u00e9tation ou de l&rsquo;application des pr\u00e9sentes conditions d&rsquo;utilisation, Geotiles Cer\u00e1mica et l&rsquo;utilisateur, renon\u00e7ant express\u00e9ment \u00e0 toute autre juridiction \u00e0 laquelle ils pourraient pr\u00e9tendre, se soumettent \u00e0 la juridiction des cours et tribunaux du domicile de l&rsquo;entreprise mentionn\u00e9e dans le pr\u00e9sent document. Dans le cas o\u00f9 cette derni\u00e8re serait domicili\u00e9e hors d&rsquo;Espagne, avec renonciation expresse \u00e0 toute autre juridiction qui pourrait leur correspondre, ils se soumettront \u00e0 la juridiction des Cours et Tribunaux de Castell\u00f3n de la Castell\u00f3n de la Castell\u00f3n.  <\/p>\n<p>Plana (Espa\u00f1a).<\/p>\n<p><strong>Confidentialit\u00e9 des donn\u00e9es<\/strong><\/p>\n<p>Ce qui suit d\u00e9crit le traitement de vos donn\u00e9es personnelles et vos droits en vertu de la l\u00e9gislation actuelle sur la protection des donn\u00e9es &#8211; R\u00e8glement (UE) 2016\/679 du Parlement europ\u00e9en et du Conseil du 27 avril 2016 relatif \u00e0 la protection des personnes physiques \u00e0 l&rsquo;\u00e9gard du traitement des donn\u00e9es \u00e0 caract\u00e8re personnel et son r\u00e8glement d&rsquo;application, ci-apr\u00e8s d\u00e9nomm\u00e9 le \u00ab R\u00e8glement sur la protection des donn\u00e9es \u201c ou \u201d GDPR \u00bb.<\/p>\n<ol>\n<li><strong>Responsable du traitement et coordonn\u00e9es<\/strong><\/li>\n<\/ol>\n<p>Le responsable du traitement de vos donn\u00e9es est GEOTILES, S.L.U., dont le si\u00e8ge social est situ\u00e9 Carretera Vila-real &#8211; Onda, Km. 6 &#8211; P.O. Box 116 12540 Vila-real (Castell\u00f3n) ESPAGNE. Si vous le souhaitez, vous pouvez nous contacter par courrier \u00e9lectronique \u00e0 l&rsquo;adresse suivante:<a href=\"mailto:info@geotiles.com\">info@geotiles.com<\/a> <\/p>\n<ol start=\"2\">\n<li><strong>Pour quelle(s) raison(s) traiterons-nous vos donn\u00e9es et sur quelle base juridique ?<\/strong><\/li>\n<\/ol>\n<p>Vos donn\u00e9es \u00e0 caract\u00e8re personnel sont trait\u00e9es, conform\u00e9ment aux dispositions du GDPR, sur la base juridique et aux fins indiqu\u00e9es ci-dessous:<\/p>\n<ol>\n<li>a) Consentement de la personne concern\u00e9e<\/li>\n<\/ol>\n<p>Vos donn\u00e9es personnelles seront trait\u00e9es, \u00e0 condition que vous nous ayez donn\u00e9 votre consentement, pour les finalit\u00e9s suivantes, en fonction du formulaire rempli dans chaque cas et des consentements que vous nous avez donn\u00e9s :<\/p>\n<ul>\n<li>Formulaire de contact : pour r\u00e9pondre, en premi\u00e8re instance, aux questions, demandes, commentaires, doutes, plaintes ou autres pr\u00e9occupations que vous nous avez adress\u00e9s par l&rsquo;interm\u00e9diaire du formulaire de contact.<\/li>\n<li>Formulaire de collaboration : G\u00e9rez votre candidature et votre participation aux processus de s\u00e9lection actuels et futurs.<\/li>\n<li>Blog : G\u00e9rez votre participation au blog.<\/li>\n<\/ul>\n<p>Vous pouvez r\u00e9voquer votre consentement \u00e0 tout moment. Cela s&rsquo;applique \u00e9galement si votre consentement a \u00e9t\u00e9 donn\u00e9 avant l&rsquo;entr\u00e9e en vigueur du r\u00e8glement g\u00e9n\u00e9ral sur la protection des donn\u00e9es de l&rsquo;UE, c&rsquo;est-\u00e0-dire avant le 25 mai 2018. <\/p>\n<p>Il convient de noter que l&rsquo;opposition \u00e0 un traitement particulier et la r\u00e9vocation du consentement ne sont pas r\u00e9troactives.<\/p>\n<ol start=\"3\">\n<li><strong>Decisiones individuales automatizadas y elaboraci\u00f3n de perfiles<\/strong><\/li>\n<\/ol>\n<p>Nous n&rsquo;utilisons pas de processus d\u00e9cisionnel enti\u00e8rement automatis\u00e9 tel que d\u00e9crit \u00e0 l&rsquo;article 22 du GDPR. Si nous utilisons de temps \u00e0 autre une telle proc\u00e9dure, vous en serez inform\u00e9 et aurez le droit d&rsquo;obtenir une intervention humaine dans le processus d\u00e9cisionnel. <\/p>\n<ol start=\"4\">\n<li><strong>\u00c0 quels destinataires vos donn\u00e9es seront-elles communiqu\u00e9es ?<\/strong><\/li>\n<\/ol>\n<p>Pour atteindre tous les objectifs d\u00e9crits ci-dessus, Geotiles S.L.U. a recours \u00e0 la collaboration de tiers fournisseurs de services qui peuvent avoir acc\u00e8s aux donn\u00e9es personnelles dans le cadre de l&rsquo;ex\u00e9cution des services contract\u00e9s.<\/p>\n<p>Dans tous les cas, Geotiles S.L.U. suit des crit\u00e8res stricts de s\u00e9lection de ces tiers afin de respecter leurs obligations en mati\u00e8re de protection des donn\u00e9es et signe avec eux l&rsquo;accord de protection des donn\u00e9es correspondant, dans lequel ces tiers sont tenus de respecter leurs obligations en mati\u00e8re de protection des donn\u00e9es, et notamment de respecter les mesures l\u00e9gales, techniques et organisationnelles, le traitement des donn\u00e9es personnelles aux fins convenues, et l&rsquo;interdiction de traiter ces donn\u00e9es personnelles \u00e0 d&rsquo;autres fins ou de les c\u00e9der \u00e0 des tiers.<\/p>\n<p>En outre, Geotiles S.L.U. peut divulguer les donn\u00e9es personnelles et toute autre information sur les utilisateurs lorsque les autorit\u00e9s publiques l&rsquo;exigent dans l&rsquo;exercice des fonctions qui lui sont l\u00e9gitimement attribu\u00e9es et conform\u00e9ment aux dispositions applicables dans les cas o\u00f9 cela s&rsquo;av\u00e8re n\u00e9cessaire.<\/p>\n<ol start=\"5\">\n<li><strong>Combien de temps conserverons-nous vos donn\u00e9es ?<\/strong><\/li>\n<\/ol>\n<p>Geotiles S.L.U. respectera les dispositions de la l\u00e9gislation en vigueur concernant l&rsquo;obligation d&rsquo;effacer les donn\u00e9es personnelles une fois que l&rsquo;objectif vis\u00e9 aura \u00e9t\u00e9 atteint ou que vous aurez r\u00e9voqu\u00e9 votre consentement au traitement de ces donn\u00e9es, qui resteront \u00e0 la disposition exclusive des juges et des tribunaux, du minist\u00e8re public ou des administrations publiques comp\u00e9tentes pour l&rsquo;examen des \u00e9ventuelles responsabilit\u00e9s d\u00e9coulant du traitement, et ce uniquement pendant les p\u00e9riodes de description de ces responsabilit\u00e9s. Une fois ces p\u00e9riodes \u00e9coul\u00e9es, ces informations seront d\u00e9finitivement supprim\u00e9es \u00e0 l&rsquo;aide de m\u00e9thodes s\u00e9curis\u00e9es. <\/p>\n<ol start=\"6\">\n<li><strong>Comment avons-nous obtenu vos donn\u00e9es ?<\/strong><\/li>\n<\/ol>\n<p>Les donn\u00e9es personnelles trait\u00e9es par Geotiles S.L.U. sont les donn\u00e9es personnelles collect\u00e9es \u00e0 travers les formulaires suivants<\/p>\n<p>sur le site web.<\/p>\n<ol start=\"7\">\n<li><strong>Quels sont vos droits lorsque vous nous fournissez vos donn\u00e9es ?<\/strong><\/li>\n<\/ol>\n<p>Conform\u00e9ment aux dispositions du R\u00e8glement g\u00e9n\u00e9ral sur la protection des donn\u00e9es, ainsi qu&rsquo;aux r\u00e9glementations nationales en mati\u00e8re de protection des donn\u00e9es, vous avez le droit d&rsquo;exercer, si vous le souhaitez, les droits d&rsquo;acc\u00e8s, de rectification et d&rsquo;effacement des donn\u00e9es, ainsi que de demander la limitation du traitement de vos donn\u00e9es personnelles, de vous opposer au traitement, de demander la portabilit\u00e9 de vos donn\u00e9es, et de ne pas \u00eatre communiqu\u00e9 \u00e0 des tiers, ainsi que le droit d&rsquo;acc\u00e8s, de rectification et d&rsquo;effacement de vos donn\u00e9es personnelles.<br \/>faire l&rsquo;objet de d\u00e9cisions individuelles automatis\u00e9es.<\/p>\n<p>En outre, si le traitement des donn\u00e9es \u00e0 caract\u00e8re personnel d\u00e9crit ci-dessus est fond\u00e9 sur votre consentement, vous pouvez le r\u00e9voquer \u00e0 tout moment. \u00c0 cet \u00e9gard, il convient de noter que la r\u00e9vocation du consentement donn\u00e9 n&rsquo;affectera pas la l\u00e9galit\u00e9 du traitement effectu\u00e9 avant le retrait de ce consentement. <\/p>\n<p style=\"font-weight: 400;\">Vous pouvez exercer les droits d\u00e9crits ci-dessus par les voies suivantes, en fournissant les documents n\u00e9cessaires \u00e0 la v\u00e9rification de votre identit\u00e9 (copie de la carte d&rsquo;identit\u00e9, du passeport, du NIE, etc.):<\/p>\n<ul>\n<li>Par \u00e9crit, au moyen d&rsquo;une demande adress\u00e9e \u00e0 Carretera Vila-real &#8211; Onda, Km. 6 &#8211; P.O. Box 116 12540 Vila-real (Castell\u00f3n) ESPAGNE<\/li>\n<li>Par courrier \u00e9lectronique \u00e0 l&rsquo;adresse suivante <a href=\"mailto:info@geotiles.com\">info@geotiles.com<\/a><\/li>\n<\/ul>\n<ol start=\"8\">\n<li><strong>Aupr\u00e8s de qui pouvez-vous d\u00e9poser une plainte ?<\/strong><\/li>\n<\/ol>\n<p>Si vous estimez que vos droits en mati\u00e8re de protection des donn\u00e9es ont \u00e9t\u00e9 viol\u00e9s ou si vous avez une plainte \u00e0 formuler concernant vos informations personnelles, vous pouvez contacter le d\u00e9l\u00e9gu\u00e9 \u00e0 la protection des donn\u00e9es, dont les coordonn\u00e9es se trouvent \u00e0 l&rsquo;adresse suivante<br \/>paragraphe 1.<\/p>\n<p>Dans tous les cas, les int\u00e9ress\u00e9s peuvent toujours s&rsquo;adresser \u00e0 l&rsquo;Agence espagnole de protection des donn\u00e9es, l&rsquo;autorit\u00e9 de contr\u00f4le de la protection des donn\u00e9es, <a href=\"http:\/\/www.agpd.es\/\">http:\/\/www.agpd.es<\/a>., C\/Jorge Juan n\u00famero 6, 28001, Madrid.<\/p>\n<p>[\/et_pb_text][\/et_pb_column][\/et_pb_row][\/et_pb_section]<\/p>\n","protected":false},"excerpt":{"rendered":"<p>GEOTILES, S.L.U. a son si\u00e8ge social \u00e0 Carretera Vila-real &#8211; Onda, Km. 6 &#8211; P.O. Box 116 12540 Vila-real (Castell\u00f3n) SPAIN. Pour de plus amples informations, vous pouvez nous contacter par t\u00e9l\u00e9phone au num\u00e9ro 964 522 700, ou par l&rsquo;interm\u00e9diaire de l&rsquo;adresse \u00e9lectronique suivante info@geotiles.com GEOTILES, S.L.U. est inscrite au Registre du Commerce de Castell\u00f3n [&hellip;]<\/p>\n","protected":false},"author":1,"featured_media":0,"parent":0,"menu_order":0,"comment_status":"closed","ping_status":"closed","template":"","meta":{"_acf_changed":false,"_et_pb_use_builder":"on","_et_pb_old_content":"","_et_gb_content_width":"","footnotes":""},"class_list":["post-416245","page","type-page","status-publish","hentry"],"acf":[],"_links":{"self":[{"href":"https:\/\/www.geotiles.com\/fr\/wp-json\/wp\/v2\/pages\/416245","targetHints":{"allow":["GET"]}}],"collection":[{"href":"https:\/\/www.geotiles.com\/fr\/wp-json\/wp\/v2\/pages"}],"about":[{"href":"https:\/\/www.geotiles.com\/fr\/wp-json\/wp\/v2\/types\/page"}],"author":[{"embeddable":true,"href":"https:\/\/www.geotiles.com\/fr\/wp-json\/wp\/v2\/users\/1"}],"replies":[{"embeddable":true,"href":"https:\/\/www.geotiles.com\/fr\/wp-json\/wp\/v2\/comments?post=416245"}],"version-history":[{"count":2,"href":"https:\/\/www.geotiles.com\/fr\/wp-json\/wp\/v2\/pages\/416245\/revisions"}],"predecessor-version":[{"id":416247,"href":"https:\/\/www.geotiles.com\/fr\/wp-json\/wp\/v2\/pages\/416245\/revisions\/416247"}],"wp:attachment":[{"href":"https:\/\/www.geotiles.com\/fr\/wp-json\/wp\/v2\/media?parent=416245"}],"curies":[{"name":"wp","href":"https:\/\/api.w.org\/{rel}","templated":true}]}}